{"id":45,"date":"2024-02-16T15:32:14","date_gmt":"2024-02-16T15:32:14","guid":{"rendered":"http:\/\/almasyf.mdworks-dev.cz\/?page_id=45"},"modified":"2025-11-03T09:26:06","modified_gmt":"2025-11-03T08:26:06","slug":"o-nas","status":"publish","type":"page","link":"https:\/\/www.almasyf.cz\/cz\/o-nas\/","title":{"rendered":"O n\u00e1s"},"content":{"rendered":"\n<p>ALMASYF vznikla jako rodinn\u00e1 firma, kter\u00e1 m\u00e1 ji\u017e v\u00edce ne\u017e 15 let zku\u0161enost\u00ed. Na po\u010d\u00e1tku byla l\u00e1ska k&nbsp;aut\u016fm a pozd\u011bji c\u00edl vybudovat stabiln\u00ed spole\u010dnost, kter\u00e1 bude \u0161pi\u010dkou v oblasti business a exkluzivn\u00ed osobn\u00ed p\u0159epravy osob v&nbsp;Praze. S&nbsp;postupem let se n\u00e1m naskytlo n\u011bkolik p\u0159\u00edle\u017eitost\u00ed b\u00fdt sou\u010d\u00e1st\u00ed akc\u00ed v&nbsp;r\u00e1mci diplomatick\u00fdch transfer\u016f ofici\u00e1ln\u00edch vl\u00e1dn\u00edch n\u00e1v\u0161t\u011bv a tak\u00e9 doprov\u00e1zet sv\u011btozn\u00e1m\u00e9 osobnosti z&nbsp;oblasti kulturn\u00edho \u017eivota.<\/p>\n\n\n\n<p>Velmi si zakl\u00e1d\u00e1me na na\u0161em vozov\u00e9m parku, db\u00e1me na to, aby se u n\u00e1s ka\u017ed\u00fd klient c\u00edtil v\u00fdjime\u010dn\u011b. Klademe pot\u0159eby na\u0161ich z\u00e1kazn\u00edk\u016f na prvn\u00ed m\u00edsto a nab\u00edz\u00edme VIP slu\u017eby nap\u0159\u00ed\u010d cel\u00fdm spektrem transferov\u00fdch slu\u017eeb v nadstandardn\u00ed p\u00e9\u010di a profesionalit\u011b. Poskytujeme nejvy\u0161\u0161\u00ed \u00farove\u0148 slu\u017eeb v oblasti pron\u00e1jmu luxusn\u00edch voz\u016f s \u0159idi\u010dem v Praze, ale i v r\u00e1mci cel\u00e9 \u010cesk\u00e9 republiky a EU. Prioritou je pro n\u00e1s nab\u00edzet p\u0159esn\u00e9, rychl\u00e9, osobn\u00ed, flexibiln\u00ed a diskr\u00e9tn\u00ed slu\u017eby v\u0161em na\u0161im klient\u016fm v&nbsp;t\u00e9 nejvy\u0161\u0161\u00ed kvalit\u011b. D\u016fraz klademe v\u017edy na maxim\u00e1ln\u00ed komfort, bezpe\u010d\u00ed a nejmodern\u011bj\u0161\u00ed vozovou flotilu.<\/p>\n\n\n\n<p>Na\u0161e zam\u011bstnance si pe\u010dliv\u011b vyb\u00edr\u00e1me a klademe na n\u011b vysok\u00e9 n\u00e1roky, jsou ale tak\u00e9 na\u0161i ned\u00edlnou sou\u010d\u00e1st\u00ed a v\u00e1\u017e\u00edme si jejich pr\u00e1ce, loajality a stability. Na\u0161i \u0159idi\u010di jsou profesion\u00e1lov\u00e9 s mnohalet\u00fdmi zku\u0161enostmi v oboru s jazykovou vybavenost\u00ed a proklientsk\u00fdm osobn\u00edm p\u0159\u00edstupem.<\/p>\n\n\n\n<p>St\u00e1le se chceme zdokonalovat a r\u016fst. Hnac\u00edm motorem jsou pro n\u00e1s na\u0161i spokojen\u00ed z\u00e1kazn\u00edci.<\/p>\n\n\n\n<p>D\u011bkujeme v\u0161em st\u00e1vaj\u00edc\u00edm klient\u016fm za d\u016fv\u011bru a t\u011b\u0161\u00edme se i na klienty nov\u00e9, kter\u00fdm budeme moci s&nbsp;radost\u00ed a p\u00e9\u010d\u00ed nab\u00eddnout na\u0161e slu\u017eby.<\/p>\n\n\n\n<p><strong>Zead Marwan<\/strong><br>Executive Manager<br>ALMASYF<\/p>\n\n\n\n<div class=\"mb-3 mb-md-5 position-relative z-1k\">\n    <a href=\"\/cz\/sluzby\" class=\"btn btn-lg btn-secondary me-3 me-md-5 mb-2 mb-md-0\">Na\u0161e slu\u017eby<\/a>\n    <a href=\"https:\/\/www.almasyf.cz\/cz\/wp-content\/uploads\/sites\/2\/2025\/10\/brozura_CZ.pdf\" target=\"_blank\" class=\"btn btn-lg btn-outline br-50px me-3 me-md-5 mb-2 mb-md-0\" rel=\"noopener\" id=\"btn-download\">St\u00e1hnout firemn\u00ed bro\u017euru<\/a>\n    <a href=\"https:\/\/www.almasyf.cz\/cz\/wp-content\/uploads\/sites\/2\/2025\/07\/Almasyf_Our_key_features_cs.pdf\" target=\"_blank\" class=\"btn btn-lg btn-outline br-50px mb-2 mb-md-0\" rel=\"noopener\" id=\"btn-download\">Na\u0161e kl\u00ed\u010dov\u00e9 vlastnosti<\/a>\n<\/div>\n","protected":false},"excerpt":{"rendered":"<p>ALMASYF vznikla jako rodinn\u00e1 firma, kter\u00e1 m\u00e1 ji\u017e v\u00edce ne\u017e 15 let zku\u0161enost\u00ed. Na po\u010d\u00e1tku byla l\u00e1ska k&nbsp;aut\u016fm a pozd\u011bji c\u00edl vybudovat stabiln\u00ed spole\u010dnost, kter\u00e1 bude \u0161pi\u010dkou v oblasti business a exkluzivn\u00ed osobn\u00ed p\u0159epravy osob v&nbsp;Praze. S&nbsp;postupem let se n\u00e1m naskytlo n\u011bkolik p\u0159\u00edle\u017eitost\u00ed b\u00fdt sou\u010d\u00e1st\u00ed akc\u00ed v&nbsp;r\u00e1mci diplomatick\u00fdch transfer\u016f ofici\u00e1ln\u00edch vl\u00e1dn\u00edch n\u00e1v\u0161t\u011bv a tak\u00e9 doprov\u00e1zet [&hellip;]<\/p>\n","protected":false},"author":2,"featured_media":1336,"parent":0,"menu_order":0,"comment_status":"closed","ping_status":"closed","template":"parts\/about-page.php","meta":{"_acf_changed":false,"inline_featured_image":false,"footnotes":""},"class_list":["post-45","page","type-page","status-publish","has-post-thumbnail","hentry"],"acf":[],"yoast_head":"<!-- This site is optimized with the Yoast SEO plugin v26.0 - https:\/\/yoast.com\/wordpress\/plugins\/seo\/ -->\n<title>O n\u00e1s - Almasyf.cz | Limuz\u00edny Praha<\/title>\n<meta name=\"robots\" content=\"index, follow, max-snippet:-1, max-image-preview:large, max-video-preview:-1\" \/>\n<link rel=\"canonical\" href=\"https:\/\/www.almasyf.cz\/cz\/o-nas\/\" \/>\n<meta property=\"og:locale\" content=\"cs_CZ\" \/>\n<meta property=\"og:type\" content=\"article\" \/>\n<meta property=\"og:title\" content=\"O n\u00e1s - Almasyf.cz | Limuz\u00edny Praha\" \/>\n<meta property=\"og:description\" content=\"ALMASYF vznikla jako rodinn\u00e1 firma, kter\u00e1 m\u00e1 ji\u017e v\u00edce ne\u017e 15 let zku\u0161enost\u00ed. Na po\u010d\u00e1tku byla l\u00e1ska k&nbsp;aut\u016fm a pozd\u011bji c\u00edl vybudovat stabiln\u00ed spole\u010dnost, kter\u00e1 bude \u0161pi\u010dkou v oblasti business a exkluzivn\u00ed osobn\u00ed p\u0159epravy osob v&nbsp;Praze. S&nbsp;postupem let se n\u00e1m naskytlo n\u011bkolik p\u0159\u00edle\u017eitost\u00ed b\u00fdt sou\u010d\u00e1st\u00ed akc\u00ed v&nbsp;r\u00e1mci diplomatick\u00fdch transfer\u016f ofici\u00e1ln\u00edch vl\u00e1dn\u00edch n\u00e1v\u0161t\u011bv a tak\u00e9 doprov\u00e1zet [&hellip;]\" \/>\n<meta property=\"og:url\" content=\"https:\/\/www.almasyf.cz\/cz\/o-nas\/\" \/>\n<meta property=\"og:site_name\" content=\"Almasyf.cz | Limuz\u00edny Praha\" \/>\n<meta property=\"article:modified_time\" content=\"2025-11-03T08:26:06+00:00\" \/>\n<meta property=\"og:image\" content=\"http:\/\/www.almasyf.cz\/cz\/wp-content\/uploads\/sites\/2\/2024\/12\/onas-new-24.webp\" \/>\n\t<meta property=\"og:image:width\" content=\"1796\" \/>\n\t<meta property=\"og:image:height\" content=\"1564\" \/>\n\t<meta property=\"og:image:type\" content=\"image\/webp\" \/>\n<meta name=\"twitter:card\" content=\"summary_large_image\" \/>\n<meta name=\"twitter:label1\" content=\"Odhadovan\u00e1 doba \u010dten\u00ed\" \/>\n\t<meta name=\"twitter:data1\" content=\"2 minuty\" \/>\n<script type=\"application\/ld+json\" class=\"yoast-schema-graph\">{\"@context\":\"https:\/\/schema.org\",\"@graph\":[{\"@type\":\"WebPage\",\"@id\":\"https:\/\/www.almasyf.cz\/cz\/o-nas\/\",\"url\":\"https:\/\/www.almasyf.cz\/cz\/o-nas\/\",\"name\":\"O n\u00e1s - Almasyf.cz | Limuz\u00edny Praha\",\"isPartOf\":{\"@id\":\"https:\/\/www.almasyf.cz\/cz\/#website\"},\"primaryImageOfPage\":{\"@id\":\"https:\/\/www.almasyf.cz\/cz\/o-nas\/#primaryimage\"},\"image\":{\"@id\":\"https:\/\/www.almasyf.cz\/cz\/o-nas\/#primaryimage\"},\"thumbnailUrl\":\"https:\/\/www.almasyf.cz\/cz\/wp-content\/uploads\/sites\/2\/2024\/12\/onas-new-24.webp\",\"datePublished\":\"2024-02-16T15:32:14+00:00\",\"dateModified\":\"2025-11-03T08:26:06+00:00\",\"breadcrumb\":{\"@id\":\"https:\/\/www.almasyf.cz\/cz\/o-nas\/#breadcrumb\"},\"inLanguage\":\"cs\",\"potentialAction\":[{\"@type\":\"ReadAction\",\"target\":[\"https:\/\/www.almasyf.cz\/cz\/o-nas\/\"]}]},{\"@type\":\"ImageObject\",\"inLanguage\":\"cs\",\"@id\":\"https:\/\/www.almasyf.cz\/cz\/o-nas\/#primaryimage\",\"url\":\"https:\/\/www.almasyf.cz\/cz\/wp-content\/uploads\/sites\/2\/2024\/12\/onas-new-24.webp\",\"contentUrl\":\"https:\/\/www.almasyf.cz\/cz\/wp-content\/uploads\/sites\/2\/2024\/12\/onas-new-24.webp\",\"width\":1796,\"height\":1564},{\"@type\":\"BreadcrumbList\",\"@id\":\"https:\/\/www.almasyf.cz\/cz\/o-nas\/#breadcrumb\",\"itemListElement\":[{\"@type\":\"ListItem\",\"position\":1,\"name\":\"Dom\u016f\",\"item\":\"https:\/\/www.almasyf.cz\/cz\/\"},{\"@type\":\"ListItem\",\"position\":2,\"name\":\"O n\u00e1s\"}]},{\"@type\":\"WebSite\",\"@id\":\"https:\/\/www.almasyf.cz\/cz\/#website\",\"url\":\"https:\/\/www.almasyf.cz\/cz\/\",\"name\":\"almasyf.cz - CZ\",\"description\":\"\",\"potentialAction\":[{\"@type\":\"SearchAction\",\"target\":{\"@type\":\"EntryPoint\",\"urlTemplate\":\"https:\/\/www.almasyf.cz\/cz\/?s={search_term_string}\"},\"query-input\":{\"@type\":\"PropertyValueSpecification\",\"valueRequired\":true,\"valueName\":\"search_term_string\"}}],\"inLanguage\":\"cs\"}]}<\/script>\n<!-- \/ Yoast SEO plugin. -->","yoast_head_json":{"title":"O n\u00e1s - Almasyf.cz | Limuz\u00edny Praha","robots":{"index":"index","follow":"follow","max-snippet":"max-snippet:-1","max-image-preview":"max-image-preview:large","max-video-preview":"max-video-preview:-1"},"canonical":"https:\/\/www.almasyf.cz\/cz\/o-nas\/","og_locale":"cs_CZ","og_type":"article","og_title":"O n\u00e1s - Almasyf.cz | Limuz\u00edny Praha","og_description":"ALMASYF vznikla jako rodinn\u00e1 firma, kter\u00e1 m\u00e1 ji\u017e v\u00edce ne\u017e 15 let zku\u0161enost\u00ed. Na po\u010d\u00e1tku byla l\u00e1ska k&nbsp;aut\u016fm a pozd\u011bji c\u00edl vybudovat stabiln\u00ed spole\u010dnost, kter\u00e1 bude \u0161pi\u010dkou v oblasti business a exkluzivn\u00ed osobn\u00ed p\u0159epravy osob v&nbsp;Praze. S&nbsp;postupem let se n\u00e1m naskytlo n\u011bkolik p\u0159\u00edle\u017eitost\u00ed b\u00fdt sou\u010d\u00e1st\u00ed akc\u00ed v&nbsp;r\u00e1mci diplomatick\u00fdch transfer\u016f ofici\u00e1ln\u00edch vl\u00e1dn\u00edch n\u00e1v\u0161t\u011bv a tak\u00e9 doprov\u00e1zet [&hellip;]","og_url":"https:\/\/www.almasyf.cz\/cz\/o-nas\/","og_site_name":"Almasyf.cz | Limuz\u00edny Praha","article_modified_time":"2025-11-03T08:26:06+00:00","og_image":[{"width":1796,"height":1564,"url":"http:\/\/www.almasyf.cz\/cz\/wp-content\/uploads\/sites\/2\/2024\/12\/onas-new-24.webp","type":"image\/webp"}],"twitter_card":"summary_large_image","twitter_misc":{"Odhadovan\u00e1 doba \u010dten\u00ed":"2 minuty"},"schema":{"@context":"https:\/\/schema.org","@graph":[{"@type":"WebPage","@id":"https:\/\/www.almasyf.cz\/cz\/o-nas\/","url":"https:\/\/www.almasyf.cz\/cz\/o-nas\/","name":"O n\u00e1s - Almasyf.cz | Limuz\u00edny Praha","isPartOf":{"@id":"https:\/\/www.almasyf.cz\/cz\/#website"},"primaryImageOfPage":{"@id":"https:\/\/www.almasyf.cz\/cz\/o-nas\/#primaryimage"},"image":{"@id":"https:\/\/www.almasyf.cz\/cz\/o-nas\/#primaryimage"},"thumbnailUrl":"https:\/\/www.almasyf.cz\/cz\/wp-content\/uploads\/sites\/2\/2024\/12\/onas-new-24.webp","datePublished":"2024-02-16T15:32:14+00:00","dateModified":"2025-11-03T08:26:06+00:00","breadcrumb":{"@id":"https:\/\/www.almasyf.cz\/cz\/o-nas\/#breadcrumb"},"inLanguage":"cs","potentialAction":[{"@type":"ReadAction","target":["https:\/\/www.almasyf.cz\/cz\/o-nas\/"]}]},{"@type":"ImageObject","inLanguage":"cs","@id":"https:\/\/www.almasyf.cz\/cz\/o-nas\/#primaryimage","url":"https:\/\/www.almasyf.cz\/cz\/wp-content\/uploads\/sites\/2\/2024\/12\/onas-new-24.webp","contentUrl":"https:\/\/www.almasyf.cz\/cz\/wp-content\/uploads\/sites\/2\/2024\/12\/onas-new-24.webp","width":1796,"height":1564},{"@type":"BreadcrumbList","@id":"https:\/\/www.almasyf.cz\/cz\/o-nas\/#breadcrumb","itemListElement":[{"@type":"ListItem","position":1,"name":"Dom\u016f","item":"https:\/\/www.almasyf.cz\/cz\/"},{"@type":"ListItem","position":2,"name":"O n\u00e1s"}]},{"@type":"WebSite","@id":"https:\/\/www.almasyf.cz\/cz\/#website","url":"https:\/\/www.almasyf.cz\/cz\/","name":"almasyf.cz - CZ","description":"","potentialAction":[{"@type":"SearchAction","target":{"@type":"EntryPoint","urlTemplate":"https:\/\/www.almasyf.cz\/cz\/?s={search_term_string}"},"query-input":{"@type":"PropertyValueSpecification","valueRequired":true,"valueName":"search_term_string"}}],"inLanguage":"cs"}]}},"_links":{"self":[{"href":"https:\/\/www.almasyf.cz\/cz\/wp-json\/wp\/v2\/pages\/45","targetHints":{"allow":["GET"]}}],"collection":[{"href":"https:\/\/www.almasyf.cz\/cz\/wp-json\/wp\/v2\/pages"}],"about":[{"href":"https:\/\/www.almasyf.cz\/cz\/wp-json\/wp\/v2\/types\/page"}],"author":[{"embeddable":true,"href":"https:\/\/www.almasyf.cz\/cz\/wp-json\/wp\/v2\/users\/2"}],"replies":[{"embeddable":true,"href":"https:\/\/www.almasyf.cz\/cz\/wp-json\/wp\/v2\/comments?post=45"}],"version-history":[{"count":18,"href":"https:\/\/www.almasyf.cz\/cz\/wp-json\/wp\/v2\/pages\/45\/revisions"}],"predecessor-version":[{"id":2314,"href":"https:\/\/www.almasyf.cz\/cz\/wp-json\/wp\/v2\/pages\/45\/revisions\/2314"}],"wp:featuredmedia":[{"embeddable":true,"href":"https:\/\/www.almasyf.cz\/cz\/wp-json\/wp\/v2\/media\/1336"}],"wp:attachment":[{"href":"https:\/\/www.almasyf.cz\/cz\/wp-json\/wp\/v2\/media?parent=45"}],"curies":[{"name":"wp","href":"https:\/\/api.w.org\/{rel}","templated":true}]}}