{"id":59,"date":"2024-02-19T12:35:18","date_gmt":"2024-02-19T12:35:18","guid":{"rendered":"http:\/\/almasyf.mdworks-dev.cz\/?page_id=59"},"modified":"2024-07-24T12:20:01","modified_gmt":"2024-07-24T10:20:01","slug":"firemni-a-soukrome-eventy","status":"publish","type":"page","link":"https:\/\/www.almasyf.cz\/cz\/firemni-a-soukrome-eventy\/","title":{"rendered":"Firemn\u00ed &amp; soukrom\u00e9 eventy"},"content":{"rendered":"\n<p>Bez ohledu na typ ud\u00e1losti &#8211; kongres, firemn\u00ed setk\u00e1n\u00ed, soukromou oslavu nebo svatbu &#8211; zaji\u0161\u0165ujeme individu\u00e1ln\u00ed kalkulaci ceny, profesion\u00e1ln\u00ed \u0159idi\u010de a pohodln\u00e9 vozy. Pe\u010dliv\u011b se p\u0159ipravujeme na ka\u017edou ud\u00e1lost, abychom zajistili hladk\u00fd pr\u016fb\u011bh a vy\u0159e\u0161ili p\u0159\u00edpadn\u00e9 zm\u011bny. P\u0159istupujeme ke ka\u017ed\u00e9 akci stejn\u011b, nehled\u011b na jej\u00ed velikost, m\u00edsto kon\u00e1n\u00ed \u010di presti\u017e. Ka\u017ed\u00e9 ud\u00e1losti je p\u0159id\u011blena zodpov\u011bdn\u00e1 osoba, kter\u00e1 je osobn\u011b p\u0159\u00edtomna. Na\u0161e flotila <span class=\"no-wrap\">Mercedes-Benz<\/span> je k dispozici pro ka\u017edou p\u0159\u00edle\u017eitost, ale m\u016f\u017eeme zajistit i jin\u00e9 vozy podle pot\u0159eby. Pro firemn\u00ed a osobn\u00ed ud\u00e1losti nab\u00edz\u00edme transferov\u00e9 mo\u017enosti i hodinov\u00fd pron\u00e1jem vozu s \u0159idi\u010dem, stejn\u011b jako slu\u017ebu osobn\u00ed ochrany.<\/p>\n\n\n\n&nbsp;\n\n\n\n<div class=\"wp-block-columns is-layout-flex wp-container-core-columns-is-layout-1 wp-block-columns-is-layout-flex\">\n<div class=\"wp-block-column is-layout-flow wp-block-column-is-layout-flow\">\n<h1 class=\"wp-block-heading\">Firemn\u00ed eventy:<\/h1>\n\n\n\n<ul class=\"wp-block-list\">\n<li>Kongresy<\/li>\n\n\n\n<li>Konference<\/li>\n\n\n\n<li>Business meetingy<\/li>\n\n\n\n<li>Business road-show<\/li>\n\n\n\n<li>V\u00fdjezdn\u00ed firemn\u00ed zased\u00e1n\u00ed<\/li>\n\n\n\n<li>Komer\u010dn\u00ed akce<\/li>\n\n\n\n<li>V\u00fdstavy<\/li>\n\n\n\n<li>Firemn\u00ed akce \u2013 firemn\u00ed den<\/li>\n\n\n\n<li>Teambuilding<\/li>\n\n\n\n<li>Business n\u00e1v\u0161t\u011bvy<\/li>\n\n\n\n<li>Prohl\u00eddky m\u011bst a pam\u00e1tek<\/li>\n<\/ul>\n<\/div>\n\n\n\n<div class=\"wp-block-column is-layout-flow wp-block-column-is-layout-flow\">\n<h1 class=\"wp-block-heading\">Soukrom\u00e9 eventy:<\/h1>\n\n\n\n<ul class=\"wp-block-list\">\n<li>Svatby<\/li>\n\n\n\n<li>P\u0159edsvatebn\u00ed oslavy<\/li>\n\n\n\n<li>Narozeniny<\/li>\n\n\n\n<li>Rodinn\u00e9 oslavy a akce<\/li>\n\n\n\n<li>Shopping<\/li>\n\n\n\n<li>Z\u00e1\u017eitkov\u00e9 j\u00edzdy<\/li>\n\n\n\n<li>Speci\u00e1ln\u00ed p\u0159\u00edle\u017eitosti<\/li>\n\n\n\n<li>Odvoz d\u011bt\u00ed na oslavu, t\u00e1bor, akci<\/li>\n\n\n\n<li>Ve\u010de\u0159e, divadlo, opera<\/li>\n<\/ul>\n<\/div>\n<\/div>\n","protected":false},"excerpt":{"rendered":"<p>Bez ohledu na typ ud\u00e1losti &#8211; kongres, firemn\u00ed setk\u00e1n\u00ed, soukromou oslavu nebo svatbu &#8211; zaji\u0161\u0165ujeme individu\u00e1ln\u00ed kalkulaci ceny, profesion\u00e1ln\u00ed \u0159idi\u010de a pohodln\u00e9 vozy. Pe\u010dliv\u011b se p\u0159ipravujeme na ka\u017edou ud\u00e1lost, abychom zajistili hladk\u00fd pr\u016fb\u011bh a vy\u0159e\u0161ili p\u0159\u00edpadn\u00e9 zm\u011bny. P\u0159istupujeme ke ka\u017ed\u00e9 akci stejn\u011b, nehled\u011b na jej\u00ed velikost, m\u00edsto kon\u00e1n\u00ed \u010di presti\u017e. Ka\u017ed\u00e9 ud\u00e1losti je p\u0159id\u011blena zodpov\u011bdn\u00e1 [&hellip;]<\/p>\n","protected":false},"author":2,"featured_media":565,"parent":0,"menu_order":0,"comment_status":"closed","ping_status":"closed","template":"parts\/detail-service-page.php","meta":{"_acf_changed":false,"inline_featured_image":false,"footnotes":""},"class_list":["post-59","page","type-page","status-publish","has-post-thumbnail","hentry"],"acf":[],"yoast_head":"<!-- This site is optimized with the Yoast SEO plugin v26.0 - https:\/\/yoast.com\/wordpress\/plugins\/seo\/ -->\n<title>Firemn\u00ed &amp; soukrom\u00e9 eventy | Almasyf.cz | Limuz\u00edny Praha<\/title>\n<meta name=\"description\" content=\"Nab\u00edz\u00edme luxusn\u00ed transfer na firemn\u00ed setk\u00e1n\u00ed, soukrom\u00e9 oslavy i akce. K dispozici je v\u00e1m profesion\u00e1ln\u00ed \u0159idi\u010d s exkluzivn\u00edm vozem dle v\u00fdb\u011bru.\" \/>\n<meta name=\"robots\" content=\"index, follow, max-snippet:-1, max-image-preview:large, max-video-preview:-1\" \/>\n<link rel=\"canonical\" href=\"https:\/\/www.almasyf.cz\/cz\/firemni-a-soukrome-eventy\/\" \/>\n<meta property=\"og:locale\" content=\"cs_CZ\" \/>\n<meta property=\"og:type\" content=\"article\" \/>\n<meta property=\"og:title\" content=\"Firemn\u00ed &amp; soukrom\u00e9 eventy | Almasyf.cz | Limuz\u00edny Praha\" \/>\n<meta property=\"og:description\" content=\"Nab\u00edz\u00edme luxusn\u00ed transfer na firemn\u00ed setk\u00e1n\u00ed, soukrom\u00e9 oslavy i akce. K dispozici je v\u00e1m profesion\u00e1ln\u00ed \u0159idi\u010d s exkluzivn\u00edm vozem dle v\u00fdb\u011bru.\" \/>\n<meta property=\"og:url\" content=\"https:\/\/www.almasyf.cz\/cz\/firemni-a-soukrome-eventy\/\" \/>\n<meta property=\"og:site_name\" content=\"Almasyf.cz | Limuz\u00edny Praha\" \/>\n<meta property=\"article:modified_time\" content=\"2024-07-24T10:20:01+00:00\" \/>\n<meta property=\"og:image\" content=\"http:\/\/www.almasyf.cz\/cz\/wp-content\/uploads\/sites\/2\/2024\/03\/business_company_events.webp\" \/>\n\t<meta property=\"og:image:width\" content=\"1796\" \/>\n\t<meta property=\"og:image:height\" content=\"1564\" \/>\n\t<meta property=\"og:image:type\" content=\"image\/webp\" \/>\n<meta name=\"twitter:card\" content=\"summary_large_image\" \/>\n<meta name=\"twitter:label1\" content=\"Odhadovan\u00e1 doba \u010dten\u00ed\" \/>\n\t<meta name=\"twitter:data1\" content=\"1 minuta\" \/>\n<script type=\"application\/ld+json\" class=\"yoast-schema-graph\">{\"@context\":\"https:\/\/schema.org\",\"@graph\":[{\"@type\":\"WebPage\",\"@id\":\"https:\/\/www.almasyf.cz\/cz\/firemni-a-soukrome-eventy\/\",\"url\":\"https:\/\/www.almasyf.cz\/cz\/firemni-a-soukrome-eventy\/\",\"name\":\"Firemn\u00ed & soukrom\u00e9 eventy | Almasyf.cz | Limuz\u00edny Praha\",\"isPartOf\":{\"@id\":\"https:\/\/www.almasyf.cz\/cz\/#website\"},\"primaryImageOfPage\":{\"@id\":\"https:\/\/www.almasyf.cz\/cz\/firemni-a-soukrome-eventy\/#primaryimage\"},\"image\":{\"@id\":\"https:\/\/www.almasyf.cz\/cz\/firemni-a-soukrome-eventy\/#primaryimage\"},\"thumbnailUrl\":\"https:\/\/www.almasyf.cz\/cz\/wp-content\/uploads\/sites\/2\/2024\/03\/business_company_events.webp\",\"datePublished\":\"2024-02-19T12:35:18+00:00\",\"dateModified\":\"2024-07-24T10:20:01+00:00\",\"description\":\"Nab\u00edz\u00edme luxusn\u00ed transfer na firemn\u00ed setk\u00e1n\u00ed, soukrom\u00e9 oslavy i akce. K dispozici je v\u00e1m profesion\u00e1ln\u00ed \u0159idi\u010d s exkluzivn\u00edm vozem dle v\u00fdb\u011bru.\",\"breadcrumb\":{\"@id\":\"https:\/\/www.almasyf.cz\/cz\/firemni-a-soukrome-eventy\/#breadcrumb\"},\"inLanguage\":\"cs\",\"potentialAction\":[{\"@type\":\"ReadAction\",\"target\":[\"https:\/\/www.almasyf.cz\/cz\/firemni-a-soukrome-eventy\/\"]}]},{\"@type\":\"ImageObject\",\"inLanguage\":\"cs\",\"@id\":\"https:\/\/www.almasyf.cz\/cz\/firemni-a-soukrome-eventy\/#primaryimage\",\"url\":\"https:\/\/www.almasyf.cz\/cz\/wp-content\/uploads\/sites\/2\/2024\/03\/business_company_events.webp\",\"contentUrl\":\"https:\/\/www.almasyf.cz\/cz\/wp-content\/uploads\/sites\/2\/2024\/03\/business_company_events.webp\",\"width\":1796,\"height\":1564},{\"@type\":\"BreadcrumbList\",\"@id\":\"https:\/\/www.almasyf.cz\/cz\/firemni-a-soukrome-eventy\/#breadcrumb\",\"itemListElement\":[{\"@type\":\"ListItem\",\"position\":1,\"name\":\"Dom\u016f\",\"item\":\"https:\/\/www.almasyf.cz\/cz\/\"},{\"@type\":\"ListItem\",\"position\":2,\"name\":\"Firemn\u00ed &amp; soukrom\u00e9 eventy\"}]},{\"@type\":\"WebSite\",\"@id\":\"https:\/\/www.almasyf.cz\/cz\/#website\",\"url\":\"https:\/\/www.almasyf.cz\/cz\/\",\"name\":\"almasyf.cz - CZ\",\"description\":\"\",\"potentialAction\":[{\"@type\":\"SearchAction\",\"target\":{\"@type\":\"EntryPoint\",\"urlTemplate\":\"https:\/\/www.almasyf.cz\/cz\/?s={search_term_string}\"},\"query-input\":{\"@type\":\"PropertyValueSpecification\",\"valueRequired\":true,\"valueName\":\"search_term_string\"}}],\"inLanguage\":\"cs\"}]}<\/script>\n<!-- \/ Yoast SEO plugin. -->","yoast_head_json":{"title":"Firemn\u00ed & soukrom\u00e9 eventy | Almasyf.cz | Limuz\u00edny Praha","description":"Nab\u00edz\u00edme luxusn\u00ed transfer na firemn\u00ed setk\u00e1n\u00ed, soukrom\u00e9 oslavy i akce. K dispozici je v\u00e1m profesion\u00e1ln\u00ed \u0159idi\u010d s exkluzivn\u00edm vozem dle v\u00fdb\u011bru.","robots":{"index":"index","follow":"follow","max-snippet":"max-snippet:-1","max-image-preview":"max-image-preview:large","max-video-preview":"max-video-preview:-1"},"canonical":"https:\/\/www.almasyf.cz\/cz\/firemni-a-soukrome-eventy\/","og_locale":"cs_CZ","og_type":"article","og_title":"Firemn\u00ed & soukrom\u00e9 eventy | Almasyf.cz | Limuz\u00edny Praha","og_description":"Nab\u00edz\u00edme luxusn\u00ed transfer na firemn\u00ed setk\u00e1n\u00ed, soukrom\u00e9 oslavy i akce. K dispozici je v\u00e1m profesion\u00e1ln\u00ed \u0159idi\u010d s exkluzivn\u00edm vozem dle v\u00fdb\u011bru.","og_url":"https:\/\/www.almasyf.cz\/cz\/firemni-a-soukrome-eventy\/","og_site_name":"Almasyf.cz | Limuz\u00edny Praha","article_modified_time":"2024-07-24T10:20:01+00:00","og_image":[{"width":1796,"height":1564,"url":"http:\/\/www.almasyf.cz\/cz\/wp-content\/uploads\/sites\/2\/2024\/03\/business_company_events.webp","type":"image\/webp"}],"twitter_card":"summary_large_image","twitter_misc":{"Odhadovan\u00e1 doba \u010dten\u00ed":"1 minuta"},"schema":{"@context":"https:\/\/schema.org","@graph":[{"@type":"WebPage","@id":"https:\/\/www.almasyf.cz\/cz\/firemni-a-soukrome-eventy\/","url":"https:\/\/www.almasyf.cz\/cz\/firemni-a-soukrome-eventy\/","name":"Firemn\u00ed & soukrom\u00e9 eventy | Almasyf.cz | Limuz\u00edny Praha","isPartOf":{"@id":"https:\/\/www.almasyf.cz\/cz\/#website"},"primaryImageOfPage":{"@id":"https:\/\/www.almasyf.cz\/cz\/firemni-a-soukrome-eventy\/#primaryimage"},"image":{"@id":"https:\/\/www.almasyf.cz\/cz\/firemni-a-soukrome-eventy\/#primaryimage"},"thumbnailUrl":"https:\/\/www.almasyf.cz\/cz\/wp-content\/uploads\/sites\/2\/2024\/03\/business_company_events.webp","datePublished":"2024-02-19T12:35:18+00:00","dateModified":"2024-07-24T10:20:01+00:00","description":"Nab\u00edz\u00edme luxusn\u00ed transfer na firemn\u00ed setk\u00e1n\u00ed, soukrom\u00e9 oslavy i akce. K dispozici je v\u00e1m profesion\u00e1ln\u00ed \u0159idi\u010d s exkluzivn\u00edm vozem dle v\u00fdb\u011bru.","breadcrumb":{"@id":"https:\/\/www.almasyf.cz\/cz\/firemni-a-soukrome-eventy\/#breadcrumb"},"inLanguage":"cs","potentialAction":[{"@type":"ReadAction","target":["https:\/\/www.almasyf.cz\/cz\/firemni-a-soukrome-eventy\/"]}]},{"@type":"ImageObject","inLanguage":"cs","@id":"https:\/\/www.almasyf.cz\/cz\/firemni-a-soukrome-eventy\/#primaryimage","url":"https:\/\/www.almasyf.cz\/cz\/wp-content\/uploads\/sites\/2\/2024\/03\/business_company_events.webp","contentUrl":"https:\/\/www.almasyf.cz\/cz\/wp-content\/uploads\/sites\/2\/2024\/03\/business_company_events.webp","width":1796,"height":1564},{"@type":"BreadcrumbList","@id":"https:\/\/www.almasyf.cz\/cz\/firemni-a-soukrome-eventy\/#breadcrumb","itemListElement":[{"@type":"ListItem","position":1,"name":"Dom\u016f","item":"https:\/\/www.almasyf.cz\/cz\/"},{"@type":"ListItem","position":2,"name":"Firemn\u00ed &amp; soukrom\u00e9 eventy"}]},{"@type":"WebSite","@id":"https:\/\/www.almasyf.cz\/cz\/#website","url":"https:\/\/www.almasyf.cz\/cz\/","name":"almasyf.cz - CZ","description":"","potentialAction":[{"@type":"SearchAction","target":{"@type":"EntryPoint","urlTemplate":"https:\/\/www.almasyf.cz\/cz\/?s={search_term_string}"},"query-input":{"@type":"PropertyValueSpecification","valueRequired":true,"valueName":"search_term_string"}}],"inLanguage":"cs"}]}},"_links":{"self":[{"href":"https:\/\/www.almasyf.cz\/cz\/wp-json\/wp\/v2\/pages\/59","targetHints":{"allow":["GET"]}}],"collection":[{"href":"https:\/\/www.almasyf.cz\/cz\/wp-json\/wp\/v2\/pages"}],"about":[{"href":"https:\/\/www.almasyf.cz\/cz\/wp-json\/wp\/v2\/types\/page"}],"author":[{"embeddable":true,"href":"https:\/\/www.almasyf.cz\/cz\/wp-json\/wp\/v2\/users\/2"}],"replies":[{"embeddable":true,"href":"https:\/\/www.almasyf.cz\/cz\/wp-json\/wp\/v2\/comments?post=59"}],"version-history":[{"count":1,"href":"https:\/\/www.almasyf.cz\/cz\/wp-json\/wp\/v2\/pages\/59\/revisions"}],"predecessor-version":[{"id":865,"href":"https:\/\/www.almasyf.cz\/cz\/wp-json\/wp\/v2\/pages\/59\/revisions\/865"}],"wp:featuredmedia":[{"embeddable":true,"href":"https:\/\/www.almasyf.cz\/cz\/wp-json\/wp\/v2\/media\/565"}],"wp:attachment":[{"href":"https:\/\/www.almasyf.cz\/cz\/wp-json\/wp\/v2\/media?parent=59"}],"curies":[{"name":"wp","href":"https:\/\/api.w.org\/{rel}","templated":true}]}}